{"id":4336,"date":"2022-06-21T13:39:17","date_gmt":"2022-06-21T11:39:17","guid":{"rendered":"https:\/\/dev21.ecoclime.se\/en\/?page_id=4336"},"modified":"2025-11-12T12:26:07","modified_gmt":"2025-11-12T11:26:07","slug":"analyser-2","status":"publish","type":"page","link":"https:\/\/ecoclime.se\/en\/investerare\/analyser-2\/","title":{"rendered":"Analyser"},"content":{"rendered":"\t\t<div data-elementor-type=\"wp-page\" data-elementor-id=\"4336\" class=\"elementor elementor-4336\" data-elementor-post-type=\"page\">\n\t\t\t\t<div class=\"elementor-element elementor-element-36bed8f5 ec21_sub_page_hero e-flex e-con-boxed e-con e-parent\" data-id=\"36bed8f5\" data-element_type=\"container\" data-e-type=\"container\" data-settings=\"{&quot;background_background&quot;:&quot;classic&quot;}\">\n\t\t\t\t\t<div class=\"e-con-inner\">\n\t\t<div class=\"elementor-element elementor-element-5cca240c ec21_e_container_content e-flex e-con-boxed e-con e-parent\" data-id=\"5cca240c\" data-element_type=\"container\" data-e-type=\"container\">\n\t\t\t\t\t<div class=\"e-con-inner\">\n\t\t<div class=\"elementor-element elementor-element-755731b6 e-con-full e-flex e-con e-parent\" data-id=\"755731b6\" data-element_type=\"container\" data-e-type=\"container\">\n\t\t\t\t<div class=\"elementor-element elementor-element-560e3fd elementor-widget elementor-widget-ecoclime_anchor_menu\" data-id=\"560e3fd\" data-element_type=\"widget\" data-e-type=\"widget\" data-widget_type=\"ecoclime_anchor_menu.default\">\n\t\t\t\t<div class=\"elementor-widget-container\">\n\t\t\t\t\t\t\t<div id=\"ec21_anchor_menu_placeholder\" class=\"ec21_dark_links\">\n\t\t\t<nav id=\"ec21_anchor_menu\" class=\"icey_disable\">\n\t\t\t\t<button class=\"ec21_anchor_menu_mobile\">\n\t\t\t\t\t<div class=\"icey_menu_toogle\">\n\t\t\t\t\t\t<span><\/span>\n\t\t\t\t\t\t<span><\/span>\n\t\t\t\t\t\t<span><\/span>\n\t\t\t\t\t<\/div>\n\t\t\t\t<\/button>\n\t\t\t\t<ul class=\"ec21_anchor_menu_inside\"><li><b>Ecoclime Ankare Meny<\/b><span style=\"display: inline-block; margin-top: 10px; font-size: 12px; line-height: 1.2em;\">Visar automatiskt ankare-rubiker f\u00f6r bes\u00f6kare.<\/span><\/li><\/ul>\n\t\t\t<\/nav>\n\t\t\t\t\t\t\t<div id=\"ec21_anchor_menu_contact\">\n\t\t\t\t\t<span class=\"ec21_menu_contact_headline\">Would you like to learn more?<\/span>\n\t\t\t\t\t<div class=\"ec21_contact\">\n\t\t\t\t\t\t<img decoding=\"async\" src=\"https:\/\/ecoclime.se\/en\/wp-content\/uploads\/sites\/2\/2023\/03\/hansaulin-nytfcfof\u00f6recoclime\" alt=\"Bild p\u00e5 Hans Aulin\">\n\t\t\t\t\t\t<div class=\"ec21_contact_info\">\n\t\t\t\t\t\t\t<span>Talk to Hans Aulin:<\/span>\n\t\t\t\t\t\t\t<a href=\"tel:\"><\/a>\n\t\t\t\t\t\t\t<a href=\"mailto:hans.aulin@ecoclime.se\/en\">hans.aulin@ecoclime.se\/en<\/a>\n\t\t\t\t\t\t<\/div>\n\t\t\t\t\t<\/div>\n\t\t\t\t<\/div>\n\t\t\t\t\t\t<\/div>\n\t\t\t\t\t\t<\/div>\n\t\t\t\t<\/div>\n\t\t\t\t<\/div>\n\t\t<div class=\"elementor-element elementor-element-2c0c62dc e-con-full e-flex e-con e-parent\" data-id=\"2c0c62dc\" data-element_type=\"container\" data-e-type=\"container\">\n\t\t\t\t<div class=\"elementor-element elementor-element-6c9feab0 elementor-widget elementor-widget-heading\" data-id=\"6c9feab0\" data-element_type=\"widget\" data-e-type=\"widget\" data-widget_type=\"heading.default\">\n\t\t\t\t<div class=\"elementor-widget-container\">\n\t\t\t\t\t<h1 class=\"elementor-heading-title elementor-size-default\">Analyser<\/h1>\t\t\t\t<\/div>\n\t\t\t\t<\/div>\n\t\t\t\t<div class=\"elementor-element elementor-element-7bf0ffb2 elementor-widget elementor-widget-text-editor\" data-id=\"7bf0ffb2\" data-element_type=\"widget\" data-e-type=\"widget\" data-widget_type=\"text-editor.default\">\n\t\t\t\t<div class=\"elementor-widget-container\">\n\t\t\t\t\t\t\t\t\t<p>H\u00e4r hittar du analyser av Ecoclime genomf\u00f6rda av olika institut.<\/p>\t\t\t\t\t\t\t\t<\/div>\n\t\t\t\t<\/div>\n\t\t\t\t<\/div>\n\t\t\t\t\t<\/div>\n\t\t\t\t<\/div>\n\t\t\t\t\t<\/div>\n\t\t\t\t<\/div>\n\t\t<div class=\"elementor-element elementor-element-660d816b e-flex e-con-boxed e-con e-parent\" data-id=\"660d816b\" data-element_type=\"container\" data-e-type=\"container\">\n\t\t\t\t\t<div class=\"e-con-inner\">\n\t\t<div class=\"elementor-element elementor-element-4d2abd95 e-con-full ec21_e_container_content e-flex e-con e-parent\" data-id=\"4d2abd95\" data-element_type=\"container\" data-e-type=\"container\">\n\t\t<div class=\"elementor-element elementor-element-4181ac88 e-con-full e-flex e-con e-parent\" data-id=\"4181ac88\" data-element_type=\"container\" data-e-type=\"container\">\n\t\t\t\t<div class=\"elementor-element elementor-element-d7607de elementor-widget elementor-widget-ecoclime_anchor_heading\" data-id=\"d7607de\" data-element_type=\"widget\" data-e-type=\"widget\" data-widget_type=\"ecoclime_anchor_heading.default\">\n\t\t\t\t<div class=\"elementor-widget-container\">\n\t\t\t\t\t\t\t<h2 class=\"ec21_anchor_heading\" id=\"analyser_2022\" data-light-menu=\"on\" data-visible-menu=\"on\" data-contact-card=\"on\">\n\t\t\tAnalyser 2022\t\t<\/h2>\n\t\t\t\t\t\t<\/div>\n\t\t\t\t<\/div>\n\t\t\t\t<\/div>\n\t\t<div class=\"elementor-element elementor-element-7b760305 e-con-full e-flex e-con e-parent\" data-id=\"7b760305\" data-element_type=\"container\" data-e-type=\"container\">\n\t\t\t\t<div class=\"elementor-element elementor-element-ecad31f elementor-widget elementor-widget-heading\" data-id=\"ecad31f\" data-element_type=\"widget\" data-e-type=\"widget\" data-widget_type=\"heading.default\">\n\t\t\t\t<div class=\"elementor-widget-container\">\n\t\t\t\t\t<h2 class=\"elementor-heading-title elementor-size-default\">Analyser 2022<\/h2>\t\t\t\t<\/div>\n\t\t\t\t<\/div>\n\t\t\t\t<div class=\"elementor-element elementor-element-5ef625b elementor-widget elementor-widget-spacer\" data-id=\"5ef625b\" data-element_type=\"widget\" data-e-type=\"widget\" data-widget_type=\"spacer.default\">\n\t\t\t\t<div class=\"elementor-widget-container\">\n\t\t\t\t\t\t\t<div class=\"elementor-spacer\">\n\t\t\t<div class=\"elementor-spacer-inner\"><\/div>\n\t\t<\/div>\n\t\t\t\t\t\t<\/div>\n\t\t\t\t<\/div>\n\t\t\t\t<div class=\"elementor-element elementor-element-527c5d86 elementor-grid-3 elementor-grid-tablet-2 elementor-grid-mobile-1 elementor-posts--thumbnail-top elementor-widget elementor-widget-posts\" data-id=\"527c5d86\" data-element_type=\"widget\" data-e-type=\"widget\" data-settings=\"{&quot;classic_columns&quot;:&quot;3&quot;,&quot;classic_columns_tablet&quot;:&quot;2&quot;,&quot;classic_columns_mobile&quot;:&quot;1&quot;,&quot;classic_row_gap&quot;:{&quot;unit&quot;:&quot;px&quot;,&quot;size&quot;:35,&quot;sizes&quot;:[]},&quot;classic_row_gap_tablet&quot;:{&quot;unit&quot;:&quot;px&quot;,&quot;size&quot;:&quot;&quot;,&quot;sizes&quot;:[]},&quot;classic_row_gap_mobile&quot;:{&quot;unit&quot;:&quot;px&quot;,&quot;size&quot;:&quot;&quot;,&quot;sizes&quot;:[]}}\" data-widget_type=\"posts.classic\">\n\t\t\t\t<div class=\"elementor-widget-container\">\n\t\t\t\t\t\t\t<div class=\"elementor-posts-container elementor-posts elementor-posts--skin-classic elementor-grid\" role=\"list\">\n\t\t\t\t<article class=\"elementor-post elementor-grid-item post-9071 analysis type-analysis status-publish has-post-thumbnail hentry\" role=\"listitem\">\n\t\t\t\t<a class=\"elementor-post__thumbnail__link\" href=\"https:\/\/ecoclime.se\/en\/news\/dashicons-media-spreadsheet\/analys-ecoclime-upp-till-bevis\/\" tabindex=\"-1\" >\n\t\t\t<div class=\"elementor-post__thumbnail\"><img fetchpriority=\"high\" decoding=\"async\" width=\"600\" height=\"375\" src=\"https:\/\/ecoclime.se\/en\/wp-content\/uploads\/sites\/2\/2022\/06\/analysguiden-600x375.jpeg\" class=\"attachment-medium size-medium wp-image-4892\" alt=\"\" srcset=\"https:\/\/ecoclime.se\/en\/wp-content\/uploads\/sites\/2\/2022\/06\/analysguiden-600x375.jpeg 600w, https:\/\/ecoclime.se\/en\/wp-content\/uploads\/sites\/2\/2022\/06\/analysguiden-768x480.jpeg 768w, https:\/\/ecoclime.se\/en\/wp-content\/uploads\/sites\/2\/2022\/06\/analysguiden-1536x960.jpeg 1536w, https:\/\/ecoclime.se\/en\/wp-content\/uploads\/sites\/2\/2022\/06\/analysguiden.jpeg 1600w\" sizes=\"(max-width: 600px) 100vw, 600px\" \/><\/div>\n\t\t<\/a>\n\t\t\t\t<div class=\"elementor-post__text\">\n\t\t\t\t<h3 class=\"elementor-post__title\">\n\t\t\t<a href=\"https:\/\/ecoclime.se\/en\/news\/dashicons-media-spreadsheet\/analys-ecoclime-upp-till-bevis\/\" >\n\t\t\t\tAnalys Ecoclime: Upp till bevis\t\t\t<\/a>\n\t\t<\/h3>\n\t\t\t\t<div class=\"elementor-post__meta-data\">\n\t\t\t\t\t<span class=\"elementor-post-date\">\n\t\t\t30 March 2023\t\t<\/span>\n\t\t\t\t<\/div>\n\t\t\t\t\t<div class=\"elementor-post__read-more-wrapper\">\n\t\t\n\t\t<a class=\"elementor-post__read-more\" href=\"https:\/\/ecoclime.se\/en\/news\/dashicons-media-spreadsheet\/analys-ecoclime-upp-till-bevis\/\" aria-label=\"Read more about Analys Ecoclime: Upp till bevis\" tabindex=\"-1\" >\n\t\t\tL\u00e4s mer \u00bb\t\t<\/a>\n\n\t\t\t\t\t<\/div>\n\t\t\t\t<\/div>\n\t\t\t\t<\/article>\n\t\t\t\t<article class=\"elementor-post elementor-grid-item post-7591 analysis type-analysis status-publish has-post-thumbnail hentry\" role=\"listitem\">\n\t\t\t\t<a class=\"elementor-post__thumbnail__link\" href=\"https:\/\/ecoclime.se\/en\/news\/dashicons-media-spreadsheet\/mrkt-buzz-ecoclime-ar-botten-nadd-efter-starkt-orderflode\/\" tabindex=\"-1\" >\n\t\t\t<div class=\"elementor-post__thumbnail\"><img decoding=\"async\" width=\"600\" height=\"400\" src=\"https:\/\/ecoclime.se\/en\/wp-content\/uploads\/sites\/2\/2022\/10\/akhilesh-sharma-Hsjak-F8n3A-unsplash-600x400.jpg\" class=\"attachment-medium size-medium wp-image-7600\" alt=\"\" srcset=\"https:\/\/ecoclime.se\/en\/wp-content\/uploads\/sites\/2\/2022\/10\/akhilesh-sharma-Hsjak-F8n3A-unsplash-600x400.jpg 600w, https:\/\/ecoclime.se\/en\/wp-content\/uploads\/sites\/2\/2022\/10\/akhilesh-sharma-Hsjak-F8n3A-unsplash-1600x1067.jpg 1600w, https:\/\/ecoclime.se\/en\/wp-content\/uploads\/sites\/2\/2022\/10\/akhilesh-sharma-Hsjak-F8n3A-unsplash-768x512.jpg 768w, https:\/\/ecoclime.se\/en\/wp-content\/uploads\/sites\/2\/2022\/10\/akhilesh-sharma-Hsjak-F8n3A-unsplash-1536x1024.jpg 1536w, https:\/\/ecoclime.se\/en\/wp-content\/uploads\/sites\/2\/2022\/10\/akhilesh-sharma-Hsjak-F8n3A-unsplash-2048x1365.jpg 2048w\" sizes=\"(max-width: 600px) 100vw, 600px\" \/><\/div>\n\t\t<\/a>\n\t\t\t\t<div class=\"elementor-post__text\">\n\t\t\t\t<h3 class=\"elementor-post__title\">\n\t\t\t<a href=\"https:\/\/ecoclime.se\/en\/news\/dashicons-media-spreadsheet\/mrkt-buzz-ecoclime-ar-botten-nadd-efter-starkt-orderflode\/\" >\n\t\t\t\tMrkt BUZZ Ecoclime: \u00c4r botten n\u00e5dd efter starkt orderfl\u00f6de?\t\t\t<\/a>\n\t\t<\/h3>\n\t\t\t\t<div class=\"elementor-post__meta-data\">\n\t\t\t\t\t<span class=\"elementor-post-date\">\n\t\t\t6 October 2022\t\t<\/span>\n\t\t\t\t<\/div>\n\t\t\t\t\t<div class=\"elementor-post__read-more-wrapper\">\n\t\t\n\t\t<a class=\"elementor-post__read-more\" href=\"https:\/\/ecoclime.se\/en\/news\/dashicons-media-spreadsheet\/mrkt-buzz-ecoclime-ar-botten-nadd-efter-starkt-orderflode\/\" aria-label=\"Read more about Mrkt BUZZ Ecoclime: \u00c4r botten n\u00e5dd efter starkt orderfl\u00f6de?\" tabindex=\"-1\" >\n\t\t\tL\u00e4s mer \u00bb\t\t<\/a>\n\n\t\t\t\t\t<\/div>\n\t\t\t\t<\/div>\n\t\t\t\t<\/article>\n\t\t\t\t<article class=\"elementor-post elementor-grid-item post-7264 analysis type-analysis status-publish has-post-thumbnail hentry\" role=\"listitem\">\n\t\t\t\t<a class=\"elementor-post__thumbnail__link\" href=\"https:\/\/ecoclime.se\/en\/news\/dashicons-media-spreadsheet\/forsta-intrycket-ecoclime-kv2-2022-negativ-resultatavvikelse-men-fortsatt-tillvaxt\/\" tabindex=\"-1\" >\n\t\t\t<div class=\"elementor-post__thumbnail\"><img decoding=\"async\" width=\"600\" height=\"315\" src=\"https:\/\/ecoclime.se\/en\/wp-content\/uploads\/sites\/2\/2022\/08\/Forsta_intrycket_ecoclime-1200x629-1-600x315.jpeg\" class=\"attachment-medium size-medium wp-image-7269\" alt=\"\" srcset=\"https:\/\/ecoclime.se\/en\/wp-content\/uploads\/sites\/2\/2022\/08\/Forsta_intrycket_ecoclime-1200x629-1-600x315.jpeg 600w, https:\/\/ecoclime.se\/en\/wp-content\/uploads\/sites\/2\/2022\/08\/Forsta_intrycket_ecoclime-1200x629-1-768x403.jpeg 768w, https:\/\/ecoclime.se\/en\/wp-content\/uploads\/sites\/2\/2022\/08\/Forsta_intrycket_ecoclime-1200x629-1.jpeg 1200w\" sizes=\"(max-width: 600px) 100vw, 600px\" \/><\/div>\n\t\t<\/a>\n\t\t\t\t<div class=\"elementor-post__text\">\n\t\t\t\t<h3 class=\"elementor-post__title\">\n\t\t\t<a href=\"https:\/\/ecoclime.se\/en\/news\/dashicons-media-spreadsheet\/forsta-intrycket-ecoclime-kv2-2022-negativ-resultatavvikelse-men-fortsatt-tillvaxt\/\" >\n\t\t\t\tF\u00f6rsta Intrycket Ecoclime, kv2 2022: Negativ resultatavvikelse, men fortsatt tillv\u00e4xt\t\t\t<\/a>\n\t\t<\/h3>\n\t\t\t\t<div class=\"elementor-post__meta-data\">\n\t\t\t\t\t<span class=\"elementor-post-date\">\n\t\t\t18 August 2022\t\t<\/span>\n\t\t\t\t<\/div>\n\t\t\t\t\t<div class=\"elementor-post__read-more-wrapper\">\n\t\t\n\t\t<a class=\"elementor-post__read-more\" href=\"https:\/\/ecoclime.se\/en\/news\/dashicons-media-spreadsheet\/forsta-intrycket-ecoclime-kv2-2022-negativ-resultatavvikelse-men-fortsatt-tillvaxt\/\" aria-label=\"Read more about F\u00f6rsta Intrycket Ecoclime, kv2 2022: Negativ resultatavvikelse, men fortsatt tillv\u00e4xt\" tabindex=\"-1\" >\n\t\t\tL\u00e4s mer \u00bb\t\t<\/a>\n\n\t\t\t\t\t<\/div>\n\t\t\t\t<\/div>\n\t\t\t\t<\/article>\n\t\t\t\t<article class=\"elementor-post elementor-grid-item post-4890 analysis type-analysis status-publish has-post-thumbnail hentry\" role=\"listitem\">\n\t\t\t\t<a class=\"elementor-post__thumbnail__link\" href=\"https:\/\/ecoclime.se\/en\/news\/dashicons-media-spreadsheet\/analysuppdatering-kv1-analysguiden-imponerande-tillvaxt-inte-minst-organiskt\/\" tabindex=\"-1\" >\n\t\t\t<div class=\"elementor-post__thumbnail\"><img fetchpriority=\"high\" decoding=\"async\" width=\"600\" height=\"375\" src=\"https:\/\/ecoclime.se\/en\/wp-content\/uploads\/sites\/2\/2022\/06\/analysguiden-600x375.jpeg\" class=\"attachment-medium size-medium wp-image-4892\" alt=\"\" srcset=\"https:\/\/ecoclime.se\/en\/wp-content\/uploads\/sites\/2\/2022\/06\/analysguiden-600x375.jpeg 600w, https:\/\/ecoclime.se\/en\/wp-content\/uploads\/sites\/2\/2022\/06\/analysguiden-768x480.jpeg 768w, https:\/\/ecoclime.se\/en\/wp-content\/uploads\/sites\/2\/2022\/06\/analysguiden-1536x960.jpeg 1536w, https:\/\/ecoclime.se\/en\/wp-content\/uploads\/sites\/2\/2022\/06\/analysguiden.jpeg 1600w\" sizes=\"(max-width: 600px) 100vw, 600px\" \/><\/div>\n\t\t<\/a>\n\t\t\t\t<div class=\"elementor-post__text\">\n\t\t\t\t<h3 class=\"elementor-post__title\">\n\t\t\t<a href=\"https:\/\/ecoclime.se\/en\/news\/dashicons-media-spreadsheet\/analysuppdatering-kv1-analysguiden-imponerande-tillvaxt-inte-minst-organiskt\/\" >\n\t\t\t\tAnalysuppdatering Kv1 Analysguiden: Imponerande tillv\u00e4xt, inte  minst organiskt\t\t\t<\/a>\n\t\t<\/h3>\n\t\t\t\t<div class=\"elementor-post__meta-data\">\n\t\t\t\t\t<span class=\"elementor-post-date\">\n\t\t\t20 June 2022\t\t<\/span>\n\t\t\t\t<\/div>\n\t\t\t\t\t<div class=\"elementor-post__read-more-wrapper\">\n\t\t\n\t\t<a class=\"elementor-post__read-more\" href=\"https:\/\/ecoclime.se\/en\/news\/dashicons-media-spreadsheet\/analysuppdatering-kv1-analysguiden-imponerande-tillvaxt-inte-minst-organiskt\/\" aria-label=\"Read more about Analysuppdatering Kv1 Analysguiden: Imponerande tillv\u00e4xt, inte  minst organiskt\" tabindex=\"-1\" >\n\t\t\tL\u00e4s mer \u00bb\t\t<\/a>\n\n\t\t\t\t\t<\/div>\n\t\t\t\t<\/div>\n\t\t\t\t<\/article>\n\t\t\t\t<article class=\"elementor-post elementor-grid-item post-4888 analysis type-analysis status-publish has-post-thumbnail hentry\" role=\"listitem\">\n\t\t\t\t<a class=\"elementor-post__thumbnail__link\" href=\"https:\/\/ecoclime.se\/en\/news\/dashicons-media-spreadsheet\/analysuppdatering-ecoclime-kv1-2022-okat-kostnadsfokus-i-vaxande-koncern\/\" tabindex=\"-1\" >\n\t\t\t<div class=\"elementor-post__thumbnail\"><img loading=\"lazy\" decoding=\"async\" width=\"600\" height=\"315\" src=\"https:\/\/ecoclime.se\/en\/wp-content\/uploads\/sites\/2\/2022\/06\/Analysuppdatering_ecoclime-1200x629-1-600x315.jpeg\" class=\"attachment-medium size-medium wp-image-4859\" alt=\"\" srcset=\"https:\/\/ecoclime.se\/en\/wp-content\/uploads\/sites\/2\/2022\/06\/Analysuppdatering_ecoclime-1200x629-1-600x315.jpeg 600w, https:\/\/ecoclime.se\/en\/wp-content\/uploads\/sites\/2\/2022\/06\/Analysuppdatering_ecoclime-1200x629-1-768x403.jpeg 768w, https:\/\/ecoclime.se\/en\/wp-content\/uploads\/sites\/2\/2022\/06\/Analysuppdatering_ecoclime-1200x629-1.jpeg 1200w\" sizes=\"(max-width: 600px) 100vw, 600px\" \/><\/div>\n\t\t<\/a>\n\t\t\t\t<div class=\"elementor-post__text\">\n\t\t\t\t<h3 class=\"elementor-post__title\">\n\t\t\t<a href=\"https:\/\/ecoclime.se\/en\/news\/dashicons-media-spreadsheet\/analysuppdatering-ecoclime-kv1-2022-okat-kostnadsfokus-i-vaxande-koncern\/\" >\n\t\t\t\tAnalysuppdatering Ecoclime, kv1 2022: \u00d6kat kostnadsfokus i v\u00e4xande koncern\t\t\t<\/a>\n\t\t<\/h3>\n\t\t\t\t<div class=\"elementor-post__meta-data\">\n\t\t\t\t\t<span class=\"elementor-post-date\">\n\t\t\t2 June 2022\t\t<\/span>\n\t\t\t\t<\/div>\n\t\t\t\t\t<div class=\"elementor-post__read-more-wrapper\">\n\t\t\n\t\t<a class=\"elementor-post__read-more\" href=\"https:\/\/ecoclime.se\/en\/news\/dashicons-media-spreadsheet\/analysuppdatering-ecoclime-kv1-2022-okat-kostnadsfokus-i-vaxande-koncern\/\" aria-label=\"Read more about Analysuppdatering Ecoclime, kv1 2022: \u00d6kat kostnadsfokus i v\u00e4xande koncern\" tabindex=\"-1\" >\n\t\t\tL\u00e4s mer \u00bb\t\t<\/a>\n\n\t\t\t\t\t<\/div>\n\t\t\t\t<\/div>\n\t\t\t\t<\/article>\n\t\t\t\t<article class=\"elementor-post elementor-grid-item post-4886 analysis type-analysis status-publish has-post-thumbnail hentry\" role=\"listitem\">\n\t\t\t\t<a class=\"elementor-post__thumbnail__link\" href=\"https:\/\/ecoclime.se\/en\/news\/dashicons-media-spreadsheet\/analys-ecoclime-attraktivt-forvarv-och-ater-tvasiffrig-organisk-tillvaxt\/\" tabindex=\"-1\" >\n\t\t\t<div class=\"elementor-post__thumbnail\"><img loading=\"lazy\" decoding=\"async\" width=\"600\" height=\"315\" src=\"https:\/\/ecoclime.se\/en\/wp-content\/uploads\/sites\/2\/2022\/06\/ecoclime-660x346-1-600x315.jpeg\" class=\"attachment-medium size-medium wp-image-4843\" alt=\"\" srcset=\"https:\/\/ecoclime.se\/en\/wp-content\/uploads\/sites\/2\/2022\/06\/ecoclime-660x346-1-600x315.jpeg 600w, https:\/\/ecoclime.se\/en\/wp-content\/uploads\/sites\/2\/2022\/06\/ecoclime-660x346-1.jpeg 660w\" sizes=\"(max-width: 600px) 100vw, 600px\" \/><\/div>\n\t\t<\/a>\n\t\t\t\t<div class=\"elementor-post__text\">\n\t\t\t\t<h3 class=\"elementor-post__title\">\n\t\t\t<a href=\"https:\/\/ecoclime.se\/en\/news\/dashicons-media-spreadsheet\/analys-ecoclime-attraktivt-forvarv-och-ater-tvasiffrig-organisk-tillvaxt\/\" >\n\t\t\t\tAnalys Ecoclime: Attraktivt f\u00f6rv\u00e4rv och \u00e5ter tv\u00e5siffrig organisk tillv\u00e4xt\t\t\t<\/a>\n\t\t<\/h3>\n\t\t\t\t<div class=\"elementor-post__meta-data\">\n\t\t\t\t\t<span class=\"elementor-post-date\">\n\t\t\t14 March 2022\t\t<\/span>\n\t\t\t\t<\/div>\n\t\t\t\t\t<div class=\"elementor-post__read-more-wrapper\">\n\t\t\n\t\t<a class=\"elementor-post__read-more\" href=\"https:\/\/ecoclime.se\/en\/news\/dashicons-media-spreadsheet\/analys-ecoclime-attraktivt-forvarv-och-ater-tvasiffrig-organisk-tillvaxt\/\" aria-label=\"Read more about Analys Ecoclime: Attraktivt f\u00f6rv\u00e4rv och \u00e5ter tv\u00e5siffrig organisk tillv\u00e4xt\" tabindex=\"-1\" >\n\t\t\tL\u00e4s mer \u00bb\t\t<\/a>\n\n\t\t\t\t\t<\/div>\n\t\t\t\t<\/div>\n\t\t\t\t<\/article>\n\t\t\t\t<article class=\"elementor-post elementor-grid-item post-4883 analysis type-analysis status-publish has-post-thumbnail hentry\" role=\"listitem\">\n\t\t\t\t<a class=\"elementor-post__thumbnail__link\" href=\"https:\/\/ecoclime.se\/en\/news\/dashicons-media-spreadsheet\/ecoclime-cutting-costs-with-clean-energy\/\" tabindex=\"-1\" >\n\t\t\t<div class=\"elementor-post__thumbnail\"><img loading=\"lazy\" decoding=\"async\" width=\"600\" height=\"357\" src=\"https:\/\/ecoclime.se\/en\/wp-content\/uploads\/sites\/2\/2022\/06\/ecoclime_start-600x357.png\" class=\"attachment-medium size-medium wp-image-4885\" alt=\"\" srcset=\"https:\/\/ecoclime.se\/en\/wp-content\/uploads\/sites\/2\/2022\/06\/ecoclime_start-600x357.png 600w, https:\/\/ecoclime.se\/en\/wp-content\/uploads\/sites\/2\/2022\/06\/ecoclime_start-768x456.png 768w, https:\/\/ecoclime.se\/en\/wp-content\/uploads\/sites\/2\/2022\/06\/ecoclime_start.png 949w\" sizes=\"(max-width: 600px) 100vw, 600px\" \/><\/div>\n\t\t<\/a>\n\t\t\t\t<div class=\"elementor-post__text\">\n\t\t\t\t<h3 class=\"elementor-post__title\">\n\t\t\t<a href=\"https:\/\/ecoclime.se\/en\/news\/dashicons-media-spreadsheet\/ecoclime-cutting-costs-with-clean-energy\/\" >\n\t\t\t\tEcoclime &#8211; Cutting costs with clean energy\t\t\t<\/a>\n\t\t<\/h3>\n\t\t\t\t<div class=\"elementor-post__meta-data\">\n\t\t\t\t\t<span class=\"elementor-post-date\">\n\t\t\t14 March 2022\t\t<\/span>\n\t\t\t\t<\/div>\n\t\t\t\t\t<div class=\"elementor-post__read-more-wrapper\">\n\t\t\n\t\t<a class=\"elementor-post__read-more\" href=\"https:\/\/ecoclime.se\/en\/news\/dashicons-media-spreadsheet\/ecoclime-cutting-costs-with-clean-energy\/\" aria-label=\"Read more about Ecoclime &#8211; Cutting costs with clean energy\" tabindex=\"-1\" >\n\t\t\tL\u00e4s mer \u00bb\t\t<\/a>\n\n\t\t\t\t\t<\/div>\n\t\t\t\t<\/div>\n\t\t\t\t<\/article>\n\t\t\t\t<article class=\"elementor-post elementor-grid-item post-4836 analysis type-analysis status-publish has-post-thumbnail hentry\" role=\"listitem\">\n\t\t\t\t<a class=\"elementor-post__thumbnail__link\" href=\"https:\/\/ecoclime.se\/en\/news\/dashicons-media-spreadsheet\/tillvaxtbolaget-gar-mot-ny-forvarvsoffensiv\/\" tabindex=\"-1\" >\n\t\t\t<div class=\"elementor-post__thumbnail\"><img loading=\"lazy\" decoding=\"async\" width=\"600\" height=\"347\" src=\"https:\/\/ecoclime.se\/en\/wp-content\/uploads\/sites\/2\/2022\/06\/photo-1508361727343-ca787442dcd7-600x347.jpeg\" class=\"attachment-medium size-medium wp-image-4837\" alt=\"\" srcset=\"https:\/\/ecoclime.se\/en\/wp-content\/uploads\/sites\/2\/2022\/06\/photo-1508361727343-ca787442dcd7-600x347.jpeg 600w, https:\/\/ecoclime.se\/en\/wp-content\/uploads\/sites\/2\/2022\/06\/photo-1508361727343-ca787442dcd7-768x444.jpeg 768w, https:\/\/ecoclime.se\/en\/wp-content\/uploads\/sites\/2\/2022\/06\/photo-1508361727343-ca787442dcd7.jpeg 800w\" sizes=\"(max-width: 600px) 100vw, 600px\" \/><\/div>\n\t\t<\/a>\n\t\t\t\t<div class=\"elementor-post__text\">\n\t\t\t\t<h3 class=\"elementor-post__title\">\n\t\t\t<a href=\"https:\/\/ecoclime.se\/en\/news\/dashicons-media-spreadsheet\/tillvaxtbolaget-gar-mot-ny-forvarvsoffensiv\/\" >\n\t\t\t\tTillv\u00e4xtbolaget g\u00e5r mot ny f\u00f6rv\u00e4rvsoffensiv\t\t\t<\/a>\n\t\t<\/h3>\n\t\t\t\t<div class=\"elementor-post__meta-data\">\n\t\t\t\t\t<span class=\"elementor-post-date\">\n\t\t\t26 February 2022\t\t<\/span>\n\t\t\t\t<\/div>\n\t\t\t\t\t<div class=\"elementor-post__read-more-wrapper\">\n\t\t\n\t\t<a class=\"elementor-post__read-more\" href=\"https:\/\/ecoclime.se\/en\/news\/dashicons-media-spreadsheet\/tillvaxtbolaget-gar-mot-ny-forvarvsoffensiv\/\" aria-label=\"Read more about Tillv\u00e4xtbolaget g\u00e5r mot ny f\u00f6rv\u00e4rvsoffensiv\" tabindex=\"-1\" >\n\t\t\tL\u00e4s mer \u00bb\t\t<\/a>\n\n\t\t\t\t\t<\/div>\n\t\t\t\t<\/div>\n\t\t\t\t<\/article>\n\t\t\t\t<article class=\"elementor-post elementor-grid-item post-4882 analysis type-analysis status-publish has-post-thumbnail hentry\" role=\"listitem\">\n\t\t\t\t<a class=\"elementor-post__thumbnail__link\" href=\"https:\/\/ecoclime.se\/en\/news\/dashicons-media-spreadsheet\/analysuppdatering-ecoclime-kv4-2021-okad-forsaljning-och-battre-bruttomarginaler\/\" tabindex=\"-1\" >\n\t\t\t<div class=\"elementor-post__thumbnail\"><img loading=\"lazy\" decoding=\"async\" width=\"600\" height=\"315\" src=\"https:\/\/ecoclime.se\/en\/wp-content\/uploads\/sites\/2\/2022\/06\/Analysuppdatering_ecoclime-1200x629-1-600x315.jpeg\" class=\"attachment-medium size-medium wp-image-4859\" alt=\"\" srcset=\"https:\/\/ecoclime.se\/en\/wp-content\/uploads\/sites\/2\/2022\/06\/Analysuppdatering_ecoclime-1200x629-1-600x315.jpeg 600w, https:\/\/ecoclime.se\/en\/wp-content\/uploads\/sites\/2\/2022\/06\/Analysuppdatering_ecoclime-1200x629-1-768x403.jpeg 768w, https:\/\/ecoclime.se\/en\/wp-content\/uploads\/sites\/2\/2022\/06\/Analysuppdatering_ecoclime-1200x629-1.jpeg 1200w\" sizes=\"(max-width: 600px) 100vw, 600px\" \/><\/div>\n\t\t<\/a>\n\t\t\t\t<div class=\"elementor-post__text\">\n\t\t\t\t<h3 class=\"elementor-post__title\">\n\t\t\t<a href=\"https:\/\/ecoclime.se\/en\/news\/dashicons-media-spreadsheet\/analysuppdatering-ecoclime-kv4-2021-okad-forsaljning-och-battre-bruttomarginaler\/\" >\n\t\t\t\tAnalysuppdatering Ecoclime, kv4 2021: \u00d6kad f\u00f6rs\u00e4ljning och b\u00e4ttre bruttomarginaler\t\t\t<\/a>\n\t\t<\/h3>\n\t\t\t\t<div class=\"elementor-post__meta-data\">\n\t\t\t\t\t<span class=\"elementor-post-date\">\n\t\t\t18 February 2022\t\t<\/span>\n\t\t\t\t<\/div>\n\t\t\t\t\t<div class=\"elementor-post__read-more-wrapper\">\n\t\t\n\t\t<a class=\"elementor-post__read-more\" href=\"https:\/\/ecoclime.se\/en\/news\/dashicons-media-spreadsheet\/analysuppdatering-ecoclime-kv4-2021-okad-forsaljning-och-battre-bruttomarginaler\/\" aria-label=\"Read more about Analysuppdatering Ecoclime, kv4 2021: \u00d6kad f\u00f6rs\u00e4ljning och b\u00e4ttre bruttomarginaler\" tabindex=\"-1\" >\n\t\t\tL\u00e4s mer \u00bb\t\t<\/a>\n\n\t\t\t\t\t<\/div>\n\t\t\t\t<\/div>\n\t\t\t\t<\/article>\n\t\t\t\t<\/div>\n\t\t\n\t\t\t\t<div class=\"e-load-more-anchor\" data-page=\"1\" data-max-page=\"2\" data-next-page=\"https:\/\/ecoclime.se\/en\/wp-json\/wp\/v2\/pages\/4336\/page\/2\/\"><\/div>\n\t\t\t\t<nav class=\"elementor-pagination\" aria-label=\"Pagination\">\n\t\t\t\t\t<\/nav>\n\t\t\t\t\t\t<\/div>\n\t\t\t\t<\/div>\n\t\t\t\t<\/div>\n\t\t\t\t<\/div>\n\t\t\t\t\t<\/div>\n\t\t\t\t<\/div>\n\t\t<div class=\"elementor-element elementor-element-1b9cdcde ec21_e_c_hr e-flex e-con-boxed e-con e-parent\" data-id=\"1b9cdcde\" data-element_type=\"container\" data-e-type=\"container\">\n\t\t\t\t\t<div class=\"e-con-inner\">\n\t\t<div class=\"elementor-element elementor-element-7294f542 e-con-full e-flex e-con e-parent\" data-id=\"7294f542\" data-element_type=\"container\" data-e-type=\"container\">\n\t\t\t\t<div class=\"elementor-element elementor-element-7c9216e6 elementor-widget elementor-widget-spacer\" data-id=\"7c9216e6\" data-element_type=\"widget\" data-e-type=\"widget\" data-widget_type=\"spacer.default\">\n\t\t\t\t<div class=\"elementor-widget-container\">\n\t\t\t\t\t\t\t<div class=\"elementor-spacer\">\n\t\t\t<div class=\"elementor-spacer-inner\"><\/div>\n\t\t<\/div>\n\t\t\t\t\t\t<\/div>\n\t\t\t\t<\/div>\n\t\t\t\t<\/div>\n\t\t\t\t\t<\/div>\n\t\t\t\t<\/div>\n\t\t<div class=\"elementor-element elementor-element-a17c88f e-flex e-con-boxed e-con e-parent\" data-id=\"a17c88f\" data-element_type=\"container\" data-e-type=\"container\">\n\t\t\t\t\t<div class=\"e-con-inner\">\n\t\t<div class=\"elementor-element elementor-element-11f053d e-con-full ec21_e_container_content e-flex e-con e-parent\" data-id=\"11f053d\" data-element_type=\"container\" data-e-type=\"container\">\n\t\t<div class=\"elementor-element elementor-element-5760f7c e-con-full e-flex e-con e-parent\" data-id=\"5760f7c\" data-element_type=\"container\" data-e-type=\"container\">\n\t\t\t\t<div class=\"elementor-element elementor-element-c4065d0 elementor-widget elementor-widget-ecoclime_anchor_heading\" data-id=\"c4065d0\" data-element_type=\"widget\" data-e-type=\"widget\" data-widget_type=\"ecoclime_anchor_heading.default\">\n\t\t\t\t<div class=\"elementor-widget-container\">\n\t\t\t\t\t\t\t<h2 class=\"ec21_anchor_heading\" id=\"aldre_analyser\" data-light-menu=\"on\" data-visible-menu=\"on\" data-contact-card=\"off\">\n\t\t\t\u00c4ldre analyser\t\t<\/h2>\n\t\t\t\t\t\t<\/div>\n\t\t\t\t<\/div>\n\t\t\t\t<\/div>\n\t\t<div class=\"elementor-element elementor-element-8393142 e-con-full e-flex e-con e-parent\" data-id=\"8393142\" data-element_type=\"container\" data-e-type=\"container\">\n\t\t\t\t<div class=\"elementor-element elementor-element-6d27806 elementor-widget elementor-widget-heading\" data-id=\"6d27806\" data-element_type=\"widget\" data-e-type=\"widget\" data-widget_type=\"heading.default\">\n\t\t\t\t<div class=\"elementor-widget-container\">\n\t\t\t\t\t<h2 class=\"elementor-heading-title elementor-size-default\">\u00c4ldre analyser<\/h2>\t\t\t\t<\/div>\n\t\t\t\t<\/div>\n\t\t\t\t<div class=\"elementor-element elementor-element-8971c56 elementor-widget elementor-widget-spacer\" data-id=\"8971c56\" data-element_type=\"widget\" data-e-type=\"widget\" data-widget_type=\"spacer.default\">\n\t\t\t\t<div class=\"elementor-widget-container\">\n\t\t\t\t\t\t\t<div class=\"elementor-spacer\">\n\t\t\t<div class=\"elementor-spacer-inner\"><\/div>\n\t\t<\/div>\n\t\t\t\t\t\t<\/div>\n\t\t\t\t<\/div>\n\t\t\t\t<div class=\"elementor-element elementor-element-20fcd6c elementor-grid-3 elementor-grid-tablet-2 elementor-grid-mobile-1 elementor-posts--thumbnail-top elementor-widget elementor-widget-posts\" data-id=\"20fcd6c\" data-element_type=\"widget\" data-e-type=\"widget\" data-settings=\"{&quot;classic_columns&quot;:&quot;3&quot;,&quot;classic_columns_tablet&quot;:&quot;2&quot;,&quot;classic_columns_mobile&quot;:&quot;1&quot;,&quot;classic_row_gap&quot;:{&quot;unit&quot;:&quot;px&quot;,&quot;size&quot;:35,&quot;sizes&quot;:[]},&quot;classic_row_gap_tablet&quot;:{&quot;unit&quot;:&quot;px&quot;,&quot;size&quot;:&quot;&quot;,&quot;sizes&quot;:[]},&quot;classic_row_gap_mobile&quot;:{&quot;unit&quot;:&quot;px&quot;,&quot;size&quot;:&quot;&quot;,&quot;sizes&quot;:[]}}\" data-widget_type=\"posts.classic\">\n\t\t\t\t<div class=\"elementor-widget-container\">\n\t\t\t\t\t\t\t<div class=\"elementor-posts-container elementor-posts elementor-posts--skin-classic elementor-grid\" role=\"list\">\n\t\t\t\t<article class=\"elementor-post elementor-grid-item post-4878 analysis type-analysis status-publish has-post-thumbnail hentry\" role=\"listitem\">\n\t\t\t\t<a class=\"elementor-post__thumbnail__link\" href=\"https:\/\/ecoclime.se\/en\/news\/dashicons-media-spreadsheet\/analys-ecoclime-kv3-2021-forsenad-projektstart-flyttar-fram-intakterna-2\/\" tabindex=\"-1\" >\n\t\t\t<div class=\"elementor-post__thumbnail\"><img loading=\"lazy\" decoding=\"async\" width=\"600\" height=\"315\" src=\"https:\/\/ecoclime.se\/en\/wp-content\/uploads\/sites\/2\/2022\/06\/Analysuppdatering_ecoclime-1200x629-1-600x315.jpeg\" class=\"attachment-medium size-medium wp-image-4859\" alt=\"\" srcset=\"https:\/\/ecoclime.se\/en\/wp-content\/uploads\/sites\/2\/2022\/06\/Analysuppdatering_ecoclime-1200x629-1-600x315.jpeg 600w, https:\/\/ecoclime.se\/en\/wp-content\/uploads\/sites\/2\/2022\/06\/Analysuppdatering_ecoclime-1200x629-1-768x403.jpeg 768w, https:\/\/ecoclime.se\/en\/wp-content\/uploads\/sites\/2\/2022\/06\/Analysuppdatering_ecoclime-1200x629-1.jpeg 1200w\" sizes=\"(max-width: 600px) 100vw, 600px\" \/><\/div>\n\t\t<\/a>\n\t\t\t\t<div class=\"elementor-post__text\">\n\t\t\t\t<h3 class=\"elementor-post__title\">\n\t\t\t<a href=\"https:\/\/ecoclime.se\/en\/news\/dashicons-media-spreadsheet\/analys-ecoclime-kv3-2021-forsenad-projektstart-flyttar-fram-intakterna-2\/\" >\n\t\t\t\tAnalys Ecoclime, kv3 2021: F\u00f6rsenad projektstart flyttar fram int\u00e4kterna\t\t\t<\/a>\n\t\t<\/h3>\n\t\t\t\t<div class=\"elementor-post__meta-data\">\n\t\t\t\t\t<span class=\"elementor-post-date\">\n\t\t\t14 November 2021\t\t<\/span>\n\t\t\t\t<\/div>\n\t\t\t\t\t<div class=\"elementor-post__read-more-wrapper\">\n\t\t\n\t\t<a class=\"elementor-post__read-more\" href=\"https:\/\/ecoclime.se\/en\/news\/dashicons-media-spreadsheet\/analys-ecoclime-kv3-2021-forsenad-projektstart-flyttar-fram-intakterna-2\/\" aria-label=\"Read more about Analys Ecoclime, kv3 2021: F\u00f6rsenad projektstart flyttar fram int\u00e4kterna\" tabindex=\"-1\" >\n\t\t\tL\u00e4s mer \u00bb\t\t<\/a>\n\n\t\t\t\t\t<\/div>\n\t\t\t\t<\/div>\n\t\t\t\t<\/article>\n\t\t\t\t<article class=\"elementor-post elementor-grid-item post-4863 analysis type-analysis status-publish has-post-thumbnail hentry\" role=\"listitem\">\n\t\t\t\t<a class=\"elementor-post__thumbnail__link\" href=\"https:\/\/ecoclime.se\/en\/news\/dashicons-media-spreadsheet\/analys-ecoclime-kv3-2021-forsenad-projektstart-flyttar-fram-intakterna\/\" tabindex=\"-1\" >\n\t\t\t<div class=\"elementor-post__thumbnail\"><img loading=\"lazy\" decoding=\"async\" width=\"600\" height=\"315\" src=\"https:\/\/ecoclime.se\/en\/wp-content\/uploads\/sites\/2\/2022\/06\/Analysuppdatering_ecoclime-1200x629-1-600x315.jpeg\" class=\"attachment-medium size-medium wp-image-4859\" alt=\"\" srcset=\"https:\/\/ecoclime.se\/en\/wp-content\/uploads\/sites\/2\/2022\/06\/Analysuppdatering_ecoclime-1200x629-1-600x315.jpeg 600w, https:\/\/ecoclime.se\/en\/wp-content\/uploads\/sites\/2\/2022\/06\/Analysuppdatering_ecoclime-1200x629-1-768x403.jpeg 768w, https:\/\/ecoclime.se\/en\/wp-content\/uploads\/sites\/2\/2022\/06\/Analysuppdatering_ecoclime-1200x629-1.jpeg 1200w\" sizes=\"(max-width: 600px) 100vw, 600px\" \/><\/div>\n\t\t<\/a>\n\t\t\t\t<div class=\"elementor-post__text\">\n\t\t\t\t<h3 class=\"elementor-post__title\">\n\t\t\t<a href=\"https:\/\/ecoclime.se\/en\/news\/dashicons-media-spreadsheet\/analys-ecoclime-kv3-2021-forsenad-projektstart-flyttar-fram-intakterna\/\" >\n\t\t\t\tAnalys Ecoclime, kv3 2021: F\u00f6rsenad projektstart flyttar fram int\u00e4kterna\t\t\t<\/a>\n\t\t<\/h3>\n\t\t\t\t<div class=\"elementor-post__meta-data\">\n\t\t\t\t\t<span class=\"elementor-post-date\">\n\t\t\t14 November 2021\t\t<\/span>\n\t\t\t\t<\/div>\n\t\t\t\t\t<div class=\"elementor-post__read-more-wrapper\">\n\t\t\n\t\t<a class=\"elementor-post__read-more\" href=\"https:\/\/ecoclime.se\/en\/news\/dashicons-media-spreadsheet\/analys-ecoclime-kv3-2021-forsenad-projektstart-flyttar-fram-intakterna\/\" aria-label=\"Read more about Analys Ecoclime, kv3 2021: F\u00f6rsenad projektstart flyttar fram int\u00e4kterna\" tabindex=\"-1\" >\n\t\t\tL\u00e4s mer \u00bb\t\t<\/a>\n\n\t\t\t\t\t<\/div>\n\t\t\t\t<\/div>\n\t\t\t\t<\/article>\n\t\t\t\t<article class=\"elementor-post elementor-grid-item post-4877 analysis type-analysis status-publish has-post-thumbnail hentry\" role=\"listitem\">\n\t\t\t\t<a class=\"elementor-post__thumbnail__link\" href=\"https:\/\/ecoclime.se\/en\/news\/dashicons-media-spreadsheet\/forsta-intrycket-ecoclime-kv3-2021-lagre-intakter-an-vantat-men-en-del-av-detta-aterhamtas-i-kv4-2\/\" tabindex=\"-1\" >\n\t\t\t<div class=\"elementor-post__thumbnail\"><img loading=\"lazy\" decoding=\"async\" width=\"600\" height=\"315\" src=\"https:\/\/ecoclime.se\/en\/wp-content\/uploads\/sites\/2\/2022\/06\/Forsta_intrycket_ecoclime-1200x629-1-600x315.jpeg\" class=\"attachment-medium size-medium wp-image-4857\" alt=\"\" srcset=\"https:\/\/ecoclime.se\/en\/wp-content\/uploads\/sites\/2\/2022\/06\/Forsta_intrycket_ecoclime-1200x629-1-600x315.jpeg 600w, https:\/\/ecoclime.se\/en\/wp-content\/uploads\/sites\/2\/2022\/06\/Forsta_intrycket_ecoclime-1200x629-1-768x403.jpeg 768w, https:\/\/ecoclime.se\/en\/wp-content\/uploads\/sites\/2\/2022\/06\/Forsta_intrycket_ecoclime-1200x629-1.jpeg 1200w\" sizes=\"(max-width: 600px) 100vw, 600px\" \/><\/div>\n\t\t<\/a>\n\t\t\t\t<div class=\"elementor-post__text\">\n\t\t\t\t<h3 class=\"elementor-post__title\">\n\t\t\t<a href=\"https:\/\/ecoclime.se\/en\/news\/dashicons-media-spreadsheet\/forsta-intrycket-ecoclime-kv3-2021-lagre-intakter-an-vantat-men-en-del-av-detta-aterhamtas-i-kv4-2\/\" >\n\t\t\t\tF\u00f6rsta Intrycket Ecoclime, kv3 2021: L\u00e4gre int\u00e4kter \u00e4n v\u00e4ntat, men en del av detta \u00e5terh\u00e4mtas i kv4\t\t\t<\/a>\n\t\t<\/h3>\n\t\t\t\t<div class=\"elementor-post__meta-data\">\n\t\t\t\t\t<span class=\"elementor-post-date\">\n\t\t\t11 November 2021\t\t<\/span>\n\t\t\t\t<\/div>\n\t\t\t\t\t<div class=\"elementor-post__read-more-wrapper\">\n\t\t\n\t\t<a class=\"elementor-post__read-more\" href=\"https:\/\/ecoclime.se\/en\/news\/dashicons-media-spreadsheet\/forsta-intrycket-ecoclime-kv3-2021-lagre-intakter-an-vantat-men-en-del-av-detta-aterhamtas-i-kv4-2\/\" aria-label=\"Read more about F\u00f6rsta Intrycket Ecoclime, kv3 2021: L\u00e4gre int\u00e4kter \u00e4n v\u00e4ntat, men en del av detta \u00e5terh\u00e4mtas i kv4\" tabindex=\"-1\" >\n\t\t\tL\u00e4s mer \u00bb\t\t<\/a>\n\n\t\t\t\t\t<\/div>\n\t\t\t\t<\/div>\n\t\t\t\t<\/article>\n\t\t\t\t<article class=\"elementor-post elementor-grid-item post-4862 analysis type-analysis status-publish has-post-thumbnail hentry\" role=\"listitem\">\n\t\t\t\t<a class=\"elementor-post__thumbnail__link\" href=\"https:\/\/ecoclime.se\/en\/news\/dashicons-media-spreadsheet\/forsta-intrycket-ecoclime-kv3-2021-lagre-intakter-an-vantat-men-en-del-av-detta-aterhamtas-i-kv4\/\" tabindex=\"-1\" >\n\t\t\t<div class=\"elementor-post__thumbnail\"><img loading=\"lazy\" decoding=\"async\" width=\"600\" height=\"315\" src=\"https:\/\/ecoclime.se\/en\/wp-content\/uploads\/sites\/2\/2022\/06\/Forsta_intrycket_ecoclime-1200x629-1-600x315.jpeg\" class=\"attachment-medium size-medium wp-image-4857\" alt=\"\" srcset=\"https:\/\/ecoclime.se\/en\/wp-content\/uploads\/sites\/2\/2022\/06\/Forsta_intrycket_ecoclime-1200x629-1-600x315.jpeg 600w, https:\/\/ecoclime.se\/en\/wp-content\/uploads\/sites\/2\/2022\/06\/Forsta_intrycket_ecoclime-1200x629-1-768x403.jpeg 768w, https:\/\/ecoclime.se\/en\/wp-content\/uploads\/sites\/2\/2022\/06\/Forsta_intrycket_ecoclime-1200x629-1.jpeg 1200w\" sizes=\"(max-width: 600px) 100vw, 600px\" \/><\/div>\n\t\t<\/a>\n\t\t\t\t<div class=\"elementor-post__text\">\n\t\t\t\t<h3 class=\"elementor-post__title\">\n\t\t\t<a href=\"https:\/\/ecoclime.se\/en\/news\/dashicons-media-spreadsheet\/forsta-intrycket-ecoclime-kv3-2021-lagre-intakter-an-vantat-men-en-del-av-detta-aterhamtas-i-kv4\/\" >\n\t\t\t\tF\u00f6rsta Intrycket Ecoclime, kv3 2021: L\u00e4gre int\u00e4kter \u00e4n v\u00e4ntat, men en del av detta \u00e5terh\u00e4mtas i kv4\t\t\t<\/a>\n\t\t<\/h3>\n\t\t\t\t<div class=\"elementor-post__meta-data\">\n\t\t\t\t\t<span class=\"elementor-post-date\">\n\t\t\t11 November 2021\t\t<\/span>\n\t\t\t\t<\/div>\n\t\t\t\t\t<div class=\"elementor-post__read-more-wrapper\">\n\t\t\n\t\t<a class=\"elementor-post__read-more\" href=\"https:\/\/ecoclime.se\/en\/news\/dashicons-media-spreadsheet\/forsta-intrycket-ecoclime-kv3-2021-lagre-intakter-an-vantat-men-en-del-av-detta-aterhamtas-i-kv4\/\" aria-label=\"Read more about F\u00f6rsta Intrycket Ecoclime, kv3 2021: L\u00e4gre int\u00e4kter \u00e4n v\u00e4ntat, men en del av detta \u00e5terh\u00e4mtas i kv4\" tabindex=\"-1\" >\n\t\t\tL\u00e4s mer \u00bb\t\t<\/a>\n\n\t\t\t\t\t<\/div>\n\t\t\t\t<\/div>\n\t\t\t\t<\/article>\n\t\t\t\t<article class=\"elementor-post elementor-grid-item post-4876 analysis type-analysis status-publish has-post-thumbnail hentry\" role=\"listitem\">\n\t\t\t\t<a class=\"elementor-post__thumbnail__link\" href=\"https:\/\/ecoclime.se\/en\/news\/dashicons-media-spreadsheet\/mrkt-buzz-ecoclime-bra-intaktsutvaxling-pa-senaste-forvarvet-2\/\" tabindex=\"-1\" >\n\t\t\t<div class=\"elementor-post__thumbnail\"><img loading=\"lazy\" decoding=\"async\" width=\"600\" height=\"315\" src=\"https:\/\/ecoclime.se\/en\/wp-content\/uploads\/sites\/2\/2022\/06\/Mrkt_BUZZ_ecoclime-1200x629-1-600x315.jpeg\" class=\"attachment-medium size-medium wp-image-4861\" alt=\"\" srcset=\"https:\/\/ecoclime.se\/en\/wp-content\/uploads\/sites\/2\/2022\/06\/Mrkt_BUZZ_ecoclime-1200x629-1-600x315.jpeg 600w, https:\/\/ecoclime.se\/en\/wp-content\/uploads\/sites\/2\/2022\/06\/Mrkt_BUZZ_ecoclime-1200x629-1-768x403.jpeg 768w, https:\/\/ecoclime.se\/en\/wp-content\/uploads\/sites\/2\/2022\/06\/Mrkt_BUZZ_ecoclime-1200x629-1.jpeg 1200w\" sizes=\"(max-width: 600px) 100vw, 600px\" \/><\/div>\n\t\t<\/a>\n\t\t\t\t<div class=\"elementor-post__text\">\n\t\t\t\t<h3 class=\"elementor-post__title\">\n\t\t\t<a href=\"https:\/\/ecoclime.se\/en\/news\/dashicons-media-spreadsheet\/mrkt-buzz-ecoclime-bra-intaktsutvaxling-pa-senaste-forvarvet-2\/\" >\n\t\t\t\tMrkt BUZZ Ecoclime: Bra int\u00e4ktsutv\u00e4xling p\u00e5 senaste f\u00f6rv\u00e4rvet\t\t\t<\/a>\n\t\t<\/h3>\n\t\t\t\t<div class=\"elementor-post__meta-data\">\n\t\t\t\t\t<span class=\"elementor-post-date\">\n\t\t\t14 October 2021\t\t<\/span>\n\t\t\t\t<\/div>\n\t\t\t\t\t<div class=\"elementor-post__read-more-wrapper\">\n\t\t\n\t\t<a class=\"elementor-post__read-more\" href=\"https:\/\/ecoclime.se\/en\/news\/dashicons-media-spreadsheet\/mrkt-buzz-ecoclime-bra-intaktsutvaxling-pa-senaste-forvarvet-2\/\" aria-label=\"Read more about Mrkt BUZZ Ecoclime: Bra int\u00e4ktsutv\u00e4xling p\u00e5 senaste f\u00f6rv\u00e4rvet\" tabindex=\"-1\" >\n\t\t\tL\u00e4s mer \u00bb\t\t<\/a>\n\n\t\t\t\t\t<\/div>\n\t\t\t\t<\/div>\n\t\t\t\t<\/article>\n\t\t\t\t<article class=\"elementor-post elementor-grid-item post-4860 analysis type-analysis status-publish has-post-thumbnail hentry\" role=\"listitem\">\n\t\t\t\t<a class=\"elementor-post__thumbnail__link\" href=\"https:\/\/ecoclime.se\/en\/news\/dashicons-media-spreadsheet\/mrkt-buzz-ecoclime-bra-intaktsutvaxling-pa-senaste-forvarvet\/\" tabindex=\"-1\" >\n\t\t\t<div class=\"elementor-post__thumbnail\"><img loading=\"lazy\" decoding=\"async\" width=\"600\" height=\"315\" src=\"https:\/\/ecoclime.se\/en\/wp-content\/uploads\/sites\/2\/2022\/06\/Mrkt_BUZZ_ecoclime-1200x629-1-600x315.jpeg\" class=\"attachment-medium size-medium wp-image-4861\" alt=\"\" srcset=\"https:\/\/ecoclime.se\/en\/wp-content\/uploads\/sites\/2\/2022\/06\/Mrkt_BUZZ_ecoclime-1200x629-1-600x315.jpeg 600w, https:\/\/ecoclime.se\/en\/wp-content\/uploads\/sites\/2\/2022\/06\/Mrkt_BUZZ_ecoclime-1200x629-1-768x403.jpeg 768w, https:\/\/ecoclime.se\/en\/wp-content\/uploads\/sites\/2\/2022\/06\/Mrkt_BUZZ_ecoclime-1200x629-1.jpeg 1200w\" sizes=\"(max-width: 600px) 100vw, 600px\" \/><\/div>\n\t\t<\/a>\n\t\t\t\t<div class=\"elementor-post__text\">\n\t\t\t\t<h3 class=\"elementor-post__title\">\n\t\t\t<a href=\"https:\/\/ecoclime.se\/en\/news\/dashicons-media-spreadsheet\/mrkt-buzz-ecoclime-bra-intaktsutvaxling-pa-senaste-forvarvet\/\" >\n\t\t\t\tMrkt BUZZ Ecoclime: Bra int\u00e4ktsutv\u00e4xling p\u00e5 senaste f\u00f6rv\u00e4rvet\t\t\t<\/a>\n\t\t<\/h3>\n\t\t\t\t<div class=\"elementor-post__meta-data\">\n\t\t\t\t\t<span class=\"elementor-post-date\">\n\t\t\t14 October 2021\t\t<\/span>\n\t\t\t\t<\/div>\n\t\t\t\t\t<div class=\"elementor-post__read-more-wrapper\">\n\t\t\n\t\t<a class=\"elementor-post__read-more\" href=\"https:\/\/ecoclime.se\/en\/news\/dashicons-media-spreadsheet\/mrkt-buzz-ecoclime-bra-intaktsutvaxling-pa-senaste-forvarvet\/\" aria-label=\"Read more about Mrkt BUZZ Ecoclime: Bra int\u00e4ktsutv\u00e4xling p\u00e5 senaste f\u00f6rv\u00e4rvet\" tabindex=\"-1\" >\n\t\t\tL\u00e4s mer \u00bb\t\t<\/a>\n\n\t\t\t\t\t<\/div>\n\t\t\t\t<\/div>\n\t\t\t\t<\/article>\n\t\t\t\t<article class=\"elementor-post elementor-grid-item post-4874 analysis type-analysis status-publish has-post-thumbnail hentry\" role=\"listitem\">\n\t\t\t\t<a class=\"elementor-post__thumbnail__link\" href=\"https:\/\/ecoclime.se\/en\/news\/dashicons-media-spreadsheet\/analys-ecoclime-kv2-2021-battre-intakter-och-fortsatt-kapacitetsutbyggnad-2\/\" tabindex=\"-1\" >\n\t\t\t<div class=\"elementor-post__thumbnail\"><img loading=\"lazy\" decoding=\"async\" width=\"600\" height=\"315\" src=\"https:\/\/ecoclime.se\/en\/wp-content\/uploads\/sites\/2\/2022\/06\/Analysuppdatering_ecoclime-1200x629-1-600x315.jpeg\" class=\"attachment-medium size-medium wp-image-4859\" alt=\"\" srcset=\"https:\/\/ecoclime.se\/en\/wp-content\/uploads\/sites\/2\/2022\/06\/Analysuppdatering_ecoclime-1200x629-1-600x315.jpeg 600w, https:\/\/ecoclime.se\/en\/wp-content\/uploads\/sites\/2\/2022\/06\/Analysuppdatering_ecoclime-1200x629-1-768x403.jpeg 768w, https:\/\/ecoclime.se\/en\/wp-content\/uploads\/sites\/2\/2022\/06\/Analysuppdatering_ecoclime-1200x629-1.jpeg 1200w\" sizes=\"(max-width: 600px) 100vw, 600px\" \/><\/div>\n\t\t<\/a>\n\t\t\t\t<div class=\"elementor-post__text\">\n\t\t\t\t<h3 class=\"elementor-post__title\">\n\t\t\t<a href=\"https:\/\/ecoclime.se\/en\/news\/dashicons-media-spreadsheet\/analys-ecoclime-kv2-2021-battre-intakter-och-fortsatt-kapacitetsutbyggnad-2\/\" >\n\t\t\t\tAnalys Ecoclime kv2 2021: B\u00e4ttre int\u00e4kter och fortsatt kapacitetsutbyggnad\t\t\t<\/a>\n\t\t<\/h3>\n\t\t\t\t<div class=\"elementor-post__meta-data\">\n\t\t\t\t\t<span class=\"elementor-post-date\">\n\t\t\t20 August 2021\t\t<\/span>\n\t\t\t\t<\/div>\n\t\t\t\t\t<div class=\"elementor-post__read-more-wrapper\">\n\t\t\n\t\t<a class=\"elementor-post__read-more\" href=\"https:\/\/ecoclime.se\/en\/news\/dashicons-media-spreadsheet\/analys-ecoclime-kv2-2021-battre-intakter-och-fortsatt-kapacitetsutbyggnad-2\/\" aria-label=\"Read more about Analys Ecoclime kv2 2021: B\u00e4ttre int\u00e4kter och fortsatt kapacitetsutbyggnad\" tabindex=\"-1\" >\n\t\t\tL\u00e4s mer \u00bb\t\t<\/a>\n\n\t\t\t\t\t<\/div>\n\t\t\t\t<\/div>\n\t\t\t\t<\/article>\n\t\t\t\t<article class=\"elementor-post elementor-grid-item post-4858 analysis type-analysis status-publish has-post-thumbnail hentry\" role=\"listitem\">\n\t\t\t\t<a class=\"elementor-post__thumbnail__link\" href=\"https:\/\/ecoclime.se\/en\/news\/dashicons-media-spreadsheet\/analys-ecoclime-kv2-2021-battre-intakter-och-fortsatt-kapacitetsutbyggnad\/\" tabindex=\"-1\" >\n\t\t\t<div class=\"elementor-post__thumbnail\"><img loading=\"lazy\" decoding=\"async\" width=\"600\" height=\"315\" src=\"https:\/\/ecoclime.se\/en\/wp-content\/uploads\/sites\/2\/2022\/06\/Analysuppdatering_ecoclime-1200x629-1-600x315.jpeg\" class=\"attachment-medium size-medium wp-image-4859\" alt=\"\" srcset=\"https:\/\/ecoclime.se\/en\/wp-content\/uploads\/sites\/2\/2022\/06\/Analysuppdatering_ecoclime-1200x629-1-600x315.jpeg 600w, https:\/\/ecoclime.se\/en\/wp-content\/uploads\/sites\/2\/2022\/06\/Analysuppdatering_ecoclime-1200x629-1-768x403.jpeg 768w, https:\/\/ecoclime.se\/en\/wp-content\/uploads\/sites\/2\/2022\/06\/Analysuppdatering_ecoclime-1200x629-1.jpeg 1200w\" sizes=\"(max-width: 600px) 100vw, 600px\" \/><\/div>\n\t\t<\/a>\n\t\t\t\t<div class=\"elementor-post__text\">\n\t\t\t\t<h3 class=\"elementor-post__title\">\n\t\t\t<a href=\"https:\/\/ecoclime.se\/en\/news\/dashicons-media-spreadsheet\/analys-ecoclime-kv2-2021-battre-intakter-och-fortsatt-kapacitetsutbyggnad\/\" >\n\t\t\t\tAnalys Ecoclime kv2 2021: B\u00e4ttre int\u00e4kter och fortsatt kapacitetsutbyggnad\t\t\t<\/a>\n\t\t<\/h3>\n\t\t\t\t<div class=\"elementor-post__meta-data\">\n\t\t\t\t\t<span class=\"elementor-post-date\">\n\t\t\t20 August 2021\t\t<\/span>\n\t\t\t\t<\/div>\n\t\t\t\t\t<div class=\"elementor-post__read-more-wrapper\">\n\t\t\n\t\t<a class=\"elementor-post__read-more\" href=\"https:\/\/ecoclime.se\/en\/news\/dashicons-media-spreadsheet\/analys-ecoclime-kv2-2021-battre-intakter-och-fortsatt-kapacitetsutbyggnad\/\" aria-label=\"Read more about Analys Ecoclime kv2 2021: B\u00e4ttre int\u00e4kter och fortsatt kapacitetsutbyggnad\" tabindex=\"-1\" >\n\t\t\tL\u00e4s mer \u00bb\t\t<\/a>\n\n\t\t\t\t\t<\/div>\n\t\t\t\t<\/div>\n\t\t\t\t<\/article>\n\t\t\t\t<article class=\"elementor-post elementor-grid-item post-4855 analysis type-analysis status-publish has-post-thumbnail hentry\" role=\"listitem\">\n\t\t\t\t<a class=\"elementor-post__thumbnail__link\" href=\"https:\/\/ecoclime.se\/en\/news\/dashicons-media-spreadsheet\/forsta-intrycket-ecoclime-kv2-2021-battre-intakter-an-vantat-och-kapacitetsutbyggnad\/\" tabindex=\"-1\" >\n\t\t\t<div class=\"elementor-post__thumbnail\"><img loading=\"lazy\" decoding=\"async\" width=\"600\" height=\"315\" src=\"https:\/\/ecoclime.se\/en\/wp-content\/uploads\/sites\/2\/2022\/06\/Forsta_intrycket_ecoclime-1200x629-1-600x315.jpeg\" class=\"attachment-medium size-medium wp-image-4857\" alt=\"\" srcset=\"https:\/\/ecoclime.se\/en\/wp-content\/uploads\/sites\/2\/2022\/06\/Forsta_intrycket_ecoclime-1200x629-1-600x315.jpeg 600w, https:\/\/ecoclime.se\/en\/wp-content\/uploads\/sites\/2\/2022\/06\/Forsta_intrycket_ecoclime-1200x629-1-768x403.jpeg 768w, https:\/\/ecoclime.se\/en\/wp-content\/uploads\/sites\/2\/2022\/06\/Forsta_intrycket_ecoclime-1200x629-1.jpeg 1200w\" sizes=\"(max-width: 600px) 100vw, 600px\" \/><\/div>\n\t\t<\/a>\n\t\t\t\t<div class=\"elementor-post__text\">\n\t\t\t\t<h3 class=\"elementor-post__title\">\n\t\t\t<a href=\"https:\/\/ecoclime.se\/en\/news\/dashicons-media-spreadsheet\/forsta-intrycket-ecoclime-kv2-2021-battre-intakter-an-vantat-och-kapacitetsutbyggnad\/\" >\n\t\t\t\tF\u00f6rsta intrycket Ecoclime, kv2 2021: B\u00e4ttre int\u00e4kter \u00e4n v\u00e4ntat och kapacitetsutbyggnad\t\t\t<\/a>\n\t\t<\/h3>\n\t\t\t\t<div class=\"elementor-post__meta-data\">\n\t\t\t\t\t<span class=\"elementor-post-date\">\n\t\t\t19 August 2021\t\t<\/span>\n\t\t\t\t<\/div>\n\t\t\t\t\t<div class=\"elementor-post__read-more-wrapper\">\n\t\t\n\t\t<a class=\"elementor-post__read-more\" href=\"https:\/\/ecoclime.se\/en\/news\/dashicons-media-spreadsheet\/forsta-intrycket-ecoclime-kv2-2021-battre-intakter-an-vantat-och-kapacitetsutbyggnad\/\" aria-label=\"Read more about F\u00f6rsta intrycket Ecoclime, kv2 2021: B\u00e4ttre int\u00e4kter \u00e4n v\u00e4ntat och kapacitetsutbyggnad\" tabindex=\"-1\" >\n\t\t\tL\u00e4s mer \u00bb\t\t<\/a>\n\n\t\t\t\t\t<\/div>\n\t\t\t\t<\/div>\n\t\t\t\t<\/article>\n\t\t\t\t<\/div>\n\t\t\n\t\t\t\t<div class=\"e-load-more-anchor\" data-page=\"1\" data-max-page=\"2\" data-next-page=\"https:\/\/ecoclime.se\/en\/wp-json\/wp\/v2\/pages\/4336\/page\/2\/\"><\/div>\n\t\t\t\t<nav class=\"elementor-pagination\" aria-label=\"Pagination\">\n\t\t\t\t\t<\/nav>\n\t\t\t\t\t\t<\/div>\n\t\t\t\t<\/div>\n\t\t\t\t<\/div>\n\t\t\t\t<\/div>\n\t\t\t\t\t<\/div>\n\t\t\t\t<\/div>\n\t\t\t\t<\/div>\n\t\t","protected":false},"excerpt":{"rendered":"<p>Ecoclime Ankare MenyVisar automatiskt ankare-rubiker f\u00f6r bes\u00f6kare. Vill du veta mer? Prata med Hans Aulin: hans.aulin@ecoclime.se\/en Analyser H\u00e4r hittar du analyser av Ecoclime genomf\u00f6rda av<\/p>\n","protected":false},"author":3,"featured_media":0,"parent":4071,"menu_order":0,"comment_status":"closed","ping_status":"closed","template":"","meta":{"_acf_changed":false,"footnotes":""},"class_list":["post-4336","page","type-page","status-publish","hentry"],"acf":[],"_links":{"self":[{"href":"https:\/\/ecoclime.se\/en\/wp-json\/wp\/v2\/pages\/4336","targetHints":{"allow":["GET"]}}],"collection":[{"href":"https:\/\/ecoclime.se\/en\/wp-json\/wp\/v2\/pages"}],"about":[{"href":"https:\/\/ecoclime.se\/en\/wp-json\/wp\/v2\/types\/page"}],"author":[{"embeddable":true,"href":"https:\/\/ecoclime.se\/en\/wp-json\/wp\/v2\/users\/3"}],"replies":[{"embeddable":true,"href":"https:\/\/ecoclime.se\/en\/wp-json\/wp\/v2\/comments?post=4336"}],"version-history":[{"count":26,"href":"https:\/\/ecoclime.se\/en\/wp-json\/wp\/v2\/pages\/4336\/revisions"}],"predecessor-version":[{"id":9788,"href":"https:\/\/ecoclime.se\/en\/wp-json\/wp\/v2\/pages\/4336\/revisions\/9788"}],"up":[{"embeddable":true,"href":"https:\/\/ecoclime.se\/en\/wp-json\/wp\/v2\/pages\/4071"}],"wp:attachment":[{"href":"https:\/\/ecoclime.se\/en\/wp-json\/wp\/v2\/media?parent=4336"}],"curies":[{"name":"wp","href":"https:\/\/api.w.org\/{rel}","templated":true}]}}