{"id":4685,"date":"2022-06-23T16:09:04","date_gmt":"2022-06-23T14:09:04","guid":{"rendered":"https:\/\/dev21.ecoclime.se\/de\/?post_type=reference&#038;p=4685"},"modified":"2025-09-04T12:17:05","modified_gmt":"2025-09-04T10:17:05","slug":"solterrassen","status":"publish","type":"reference","link":"https:\/\/ecoclime.se\/de\/nachricht\/reference\/solterrassen\/","title":{"rendered":"Solterrassen"},"content":{"rendered":"<p>&nbsp;<\/p>\n<h2>Recycling von Abwasserw\u00e4rme in Skanskas Solterrassen-Grundst\u00fcck in Ume\u00e5<\/h2>\n<p>Im s\u00fcdlichen Teil von Ume\u00e5, im Stadtteil Teg, baute Skanska eine moderne st\u00e4dtische Wohnimmobilie, die 2018 bezogen wurde. Das Geb\u00e4ude besteht aus 42 Wohnungen, die zusammen mit einer gro\u00dfen Gemeinschaftsterrasse einen gr\u00fcnen Innenhof umrahmen. Nachhaltigkeit war bei dem Projekt ein Schl\u00fcsselbegriff; Solterrassen hat das Nordische Umweltzeichen erhalten und wurde als \u201eBestes Wohnungsprojekt 2018 \u2013 Schwedens zufriedenste Privatkunden\u201c ausgezeichnet.<\/p>\n<h2>Anlage zur Energier\u00fcckgewinnung aus Abwasser<\/h2>\n<p>Evertherm hat eine schl\u00fcsselfertige R\u00fcckgewinnungsanlage, Evertherm SEW, installiert, mit der 90-95% der verf\u00fcgbaren Energie aus dem Abwasser r\u00fcckgef\u00fchrt werden k\u00f6nnen. Die R\u00fcckgewinnungsanlage besteht aus einem Pumpenschacht, einem Puffertank, einem Kollektortank, einer W\u00e4rmepumpe und einem Steuerungssystem f\u00fcr Betrieb, \u00dcberwachung und Optimierung. Die Tanks wurden im Freien bei einem Fahrradabstellraum vergraben, und andere Ger\u00e4te sind im Inneren des Geb\u00e4udes im Technikraum untergebracht. Die Anlage ist selbstreinigend und erfordert daher minimale Wartung.<\/p>\n","protected":false},"excerpt":{"rendered":"<p>&nbsp; Recycling von Abwasserw\u00e4rme in Skanskas Solterrassen-Grundst\u00fcck in Ume\u00e5 Im s\u00fcdlichen Teil von Ume\u00e5, im Stadtteil Teg, baute Skanska eine moderne st\u00e4dtische Wohnimmobilie, die 2018 bezogen wurde. Das Geb\u00e4ude besteht aus 42 Wohnungen, die zusammen mit einer gro\u00dfen Gemeinschaftsterrasse einen gr\u00fcnen Innenhof umrahmen. Nachhaltigkeit war bei dem Projekt ein Schl\u00fcsselbegriff; Solterrassen hat das Nordische Umweltzeichen [&hellip;]<\/p>\n","protected":false},"template":"","tags":[14,15],"class_list":["post-4685","reference","type-reference","status-publish","hentry","tag-evertherm","tag-cirkular-energi"],"acf":[],"_links":{"self":[{"href":"https:\/\/ecoclime.se\/de\/wp-json\/wp\/v2\/reference\/4685","targetHints":{"allow":["GET"]}}],"collection":[{"href":"https:\/\/ecoclime.se\/de\/wp-json\/wp\/v2\/reference"}],"about":[{"href":"https:\/\/ecoclime.se\/de\/wp-json\/wp\/v2\/types\/reference"}],"version-history":[{"count":13,"href":"https:\/\/ecoclime.se\/de\/wp-json\/wp\/v2\/reference\/4685\/revisions"}],"predecessor-version":[{"id":9703,"href":"https:\/\/ecoclime.se\/de\/wp-json\/wp\/v2\/reference\/4685\/revisions\/9703"}],"wp:attachment":[{"href":"https:\/\/ecoclime.se\/de\/wp-json\/wp\/v2\/media?parent=4685"}],"wp:term":[{"taxonomy":"post_tag","embeddable":true,"href":"https:\/\/ecoclime.se\/de\/wp-json\/wp\/v2\/tags?post=4685"}],"curies":[{"name":"wp","href":"https:\/\/api.w.org\/{rel}","templated":true}]}}