{"id":4679,"date":"2022-06-23T15:59:58","date_gmt":"2022-06-23T13:59:58","guid":{"rendered":"https:\/\/dev21.ecoclime.se\/de\/?post_type=reference&#038;p=4679"},"modified":"2023-05-05T15:16:03","modified_gmt":"2023-05-05T13:16:03","slug":"nektaren","status":"publish","type":"reference","link":"https:\/\/ecoclime.se\/de\/nachricht\/reference\/nektaren\/","title":{"rendered":"Nektaren"},"content":{"rendered":"<p>In Uppsala werden 162 Wohnungen f\u00fcr junge Menschen zwischen 18 und 25 Jahren gebaut. Die H\u00e4user sind klimaneutral und mit niedrigen Mieten gebaut. Die H\u00e4user sind komplett aus Holz gebaut und eine Zusammenarbeit mit SBB, Linb\u00e4cks Bygg, Der Universit\u00e4t Uppsala und Tengbom Architekten. Das Konzept erm\u00f6glicht es jungen Menschen, eine eigene Wohnung zu bekommen und in den Wohnungsmarkt einzusteigen.<\/p>\n<p>Der gesamte Block wird einen gemeinsamen Farmbereich mit viel Gr\u00fcn, B\u00e4umen und Str\u00e4uchern haben, die der Artenvielfalt zugute kommen. In zwei der drei H\u00e4user wird es \u00dcberdachte f\u00fcr Fahrr\u00e4der geben.<\/p>\n<p>Das Projekt geht auch Hand in Hand mit uppsalas Engagement, bis 2030 vollst\u00e4ndig klimaneutral zu sein.<\/p>\n<p>Illustration: Lindb\u00e4cks Bygg<\/p>\n","protected":false},"excerpt":{"rendered":"<p>In Uppsala werden 162 Wohnungen f\u00fcr junge Menschen zwischen 18 und 25 Jahren gebaut. Die H\u00e4user sind klimaneutral und mit niedrigen Mieten gebaut. Die H\u00e4user sind komplett aus Holz gebaut und eine Zusammenarbeit mit SBB, Linb\u00e4cks Bygg, Der Universit\u00e4t Uppsala und Tengbom Architekten. Das Konzept erm\u00f6glicht es jungen Menschen, eine eigene Wohnung zu bekommen und [&hellip;]<\/p>\n","protected":false},"template":"","tags":[14,15],"class_list":["post-4679","reference","type-reference","status-publish","hentry","tag-evertherm","tag-cirkular-energi"],"acf":[],"_links":{"self":[{"href":"https:\/\/ecoclime.se\/de\/wp-json\/wp\/v2\/reference\/4679","targetHints":{"allow":["GET"]}}],"collection":[{"href":"https:\/\/ecoclime.se\/de\/wp-json\/wp\/v2\/reference"}],"about":[{"href":"https:\/\/ecoclime.se\/de\/wp-json\/wp\/v2\/types\/reference"}],"version-history":[{"count":5,"href":"https:\/\/ecoclime.se\/de\/wp-json\/wp\/v2\/reference\/4679\/revisions"}],"predecessor-version":[{"id":9324,"href":"https:\/\/ecoclime.se\/de\/wp-json\/wp\/v2\/reference\/4679\/revisions\/9324"}],"wp:attachment":[{"href":"https:\/\/ecoclime.se\/de\/wp-json\/wp\/v2\/media?parent=4679"}],"wp:term":[{"taxonomy":"post_tag","embeddable":true,"href":"https:\/\/ecoclime.se\/de\/wp-json\/wp\/v2\/tags?post=4679"}],"curies":[{"name":"wp","href":"https:\/\/api.w.org\/{rel}","templated":true}]}}